{"id":108,"date":"2025-02-17T12:07:21","date_gmt":"2025-02-17T12:07:21","guid":{"rendered":"https:\/\/academy.formatrix.fr\/blog-pedagogique\/"},"modified":"2025-02-20T06:53:33","modified_gmt":"2025-02-20T06:53:33","slug":"blog-pedagogique","status":"publish","type":"page","link":"https:\/\/academy.formatrix.fr\/en\/blog-pedagogique\/","title":{"rendered":"Blog p\u00e9dagogique"},"content":{"rendered":"<div data-elementor-type=\"wp-page\" data-elementor-id=\"108\" class=\"elementor elementor-108\" data-elementor-post-type=\"page\">\n\t\t\t\t<div class=\"elementor-element elementor-element-7ece5b69 e-flex e-con-boxed e-con e-parent\" data-id=\"7ece5b69\" data-element_type=\"container\" data-e-type=\"container\">\n\t\t\t\t\t<div class=\"e-con-inner\">\n\t\t<div class=\"elementor-element elementor-element-f9b4849 e-con-full e-flex e-con e-child\" data-id=\"f9b4849\" data-element_type=\"container\" data-e-type=\"container\" data-settings=\"{&quot;background_background&quot;:&quot;gradient&quot;}\">\n\t\t<div class=\"elementor-element elementor-element-2e635bb0 e-con-full e-flex e-con e-child\" data-id=\"2e635bb0\" data-element_type=\"container\" data-e-type=\"container\">\n\t\t\t\t<div class=\"elementor-element elementor-element-2bf2943f elementor-widget elementor-widget-heading\" data-id=\"2bf2943f\" data-element_type=\"widget\" data-e-type=\"widget\" data-widget_type=\"heading.default\">\n\t\t\t\t<div class=\"elementor-widget-container\">\n\t\t\t\t\t<h1 class=\"elementor-heading-title elementor-size-default\">Blog p\u00e9dagogique<\/h1>\t\t\t\t<\/div>\n\t\t\t\t<\/div>\n\t\t\t\t<\/div>\n\t\t<div class=\"elementor-element elementor-element-635dc0e4 e-con-full e-flex e-con e-child\" data-id=\"635dc0e4\" data-element_type=\"container\" data-e-type=\"container\">\n\t\t\t\t<div class=\"elementor-element elementor-element-11adc210 elementor-widget elementor-widget-image\" data-id=\"11adc210\" data-element_type=\"widget\" data-e-type=\"widget\" data-widget_type=\"image.default\">\n\t\t\t\t<div class=\"elementor-widget-container\">\n\t\t\t\t\t\t\t\t\t\t\t\t\t\t\t<img fetchpriority=\"high\" decoding=\"async\" width=\"476\" height=\"511\" src=\"https:\/\/academy.formatrix.fr\/wp-content\/uploads\/2025\/02\/portage-qualiopi.webp\" class=\"attachment-large size-large wp-image-57\" alt=\"\" srcset=\"https:\/\/academy.formatrix.fr\/wp-content\/uploads\/2025\/02\/portage-qualiopi.webp 476w, https:\/\/academy.formatrix.fr\/wp-content\/uploads\/2025\/02\/portage-qualiopi-279x300.webp 279w\" sizes=\"(max-width: 476px) 100vw, 476px\" \/>\t\t\t\t\t\t\t\t\t\t\t\t\t\t\t<\/div>\n\t\t\t\t<\/div>\n\t\t\t\t<\/div>\n\t\t\t\t<\/div>\n\t\t\t\t\t<\/div>\n\t\t\t\t<\/div>\n\t\t<div class=\"elementor-element elementor-element-7e3efd75 e-flex e-con-boxed e-con e-parent\" data-id=\"7e3efd75\" data-element_type=\"container\" data-e-type=\"container\">\n\t\t\t\t\t<div class=\"e-con-inner\">\n\t\t\t\t<div class=\"elementor-element elementor-element-c5bf341 elementor-grid-4 elementor-grid-tablet-2 elementor-grid-mobile-1 elementor-posts--thumbnail-top elementor-card-shadow-yes elementor-posts__hover-gradient elementor-widget elementor-widget-posts\" data-id=\"c5bf341\" data-element_type=\"widget\" data-e-type=\"widget\" data-settings=\"{&quot;cards_columns&quot;:&quot;4&quot;,&quot;pagination_type&quot;:&quot;numbers_and_prev_next&quot;,&quot;cards_masonry&quot;:&quot;yes&quot;,&quot;cards_columns_tablet&quot;:&quot;2&quot;,&quot;cards_columns_mobile&quot;:&quot;1&quot;,&quot;cards_row_gap&quot;:{&quot;unit&quot;:&quot;px&quot;,&quot;size&quot;:35,&quot;sizes&quot;:[]},&quot;cards_row_gap_tablet&quot;:{&quot;unit&quot;:&quot;px&quot;,&quot;size&quot;:&quot;&quot;,&quot;sizes&quot;:[]},&quot;cards_row_gap_mobile&quot;:{&quot;unit&quot;:&quot;px&quot;,&quot;size&quot;:&quot;&quot;,&quot;sizes&quot;:[]}}\" data-widget_type=\"posts.cards\">\n\t\t\t\t<div class=\"elementor-widget-container\">\n\t\t\t\t\t\t\t<div class=\"elementor-posts-container elementor-posts elementor-posts--skin-cards elementor-grid\">\n\t\t\t\t<article class=\"elementor-post elementor-grid-item post-666 post type-post status-publish format-standard has-post-thumbnail hentry category-uncategorized\">\n\t\t\t<div class=\"elementor-post__card\">\n\t\t\t\t<a class=\"elementor-post__thumbnail__link\" href=\"https:\/\/academy.formatrix.fr\/en\/evaluation-et-certification-comment-mesurer-efficacement-les-competences-acquises\/\" tabindex=\"-1\" ><div class=\"elementor-post__thumbnail\"><img decoding=\"async\" width=\"3000\" height=\"3000\" src=\"https:\/\/academy.formatrix.fr\/wp-content\/uploads\/2025\/02\/2.png\" class=\"attachment-full size-full wp-image-397\" alt=\"\" srcset=\"https:\/\/academy.formatrix.fr\/wp-content\/uploads\/2025\/02\/2.png 3000w, https:\/\/academy.formatrix.fr\/wp-content\/uploads\/2025\/02\/2-300x300.png 300w, https:\/\/academy.formatrix.fr\/wp-content\/uploads\/2025\/02\/2-100x100.png 100w, https:\/\/academy.formatrix.fr\/wp-content\/uploads\/2025\/02\/2-600x600.png 600w, https:\/\/academy.formatrix.fr\/wp-content\/uploads\/2025\/02\/2-1024x1024.png 1024w, https:\/\/academy.formatrix.fr\/wp-content\/uploads\/2025\/02\/2-150x150.png 150w, https:\/\/academy.formatrix.fr\/wp-content\/uploads\/2025\/02\/2-768x768.png 768w, https:\/\/academy.formatrix.fr\/wp-content\/uploads\/2025\/02\/2-1536x1536.png 1536w, https:\/\/academy.formatrix.fr\/wp-content\/uploads\/2025\/02\/2-2048x2048.png 2048w, https:\/\/academy.formatrix.fr\/wp-content\/uploads\/2025\/02\/2-624x624.png 624w, https:\/\/academy.formatrix.fr\/wp-content\/uploads\/2025\/02\/2-50x50.png 50w\" sizes=\"(max-width: 3000px) 100vw, 3000px\" \/><\/div><\/a>\n\t\t\t\t<div class=\"elementor-post__text\">\n\t\t\t\t<p class=\"elementor-post__title\">\n\t\t\t<a href=\"https:\/\/academy.formatrix.fr\/en\/evaluation-et-certification-comment-mesurer-efficacement-les-competences-acquises\/\" >\n\t\t\t\t\u00c9valuation et certification : Comment mesurer efficacement les comp\u00e9tences acquises ?\t\t\t<\/a>\n\t\t<\/p>\n\t\t\t\t<div class=\"elementor-post__excerpt\">\n\t\t\t<p>Introduction : L&#8217;importance de l\u2019\u00e9valuation et de la certification L\u2019\u00e9valuation et la certification sont des piliers fondamentaux de toute formation. Elles permettent non seulement de mesurer l\u2019acquisition des comp\u00e9tences, mais<\/p>\n\t\t<\/div>\n\t\t\n\t\t<a class=\"elementor-post__read-more\" href=\"https:\/\/academy.formatrix.fr\/en\/evaluation-et-certification-comment-mesurer-efficacement-les-competences-acquises\/\" aria-label=\"Read more about \u00c9valuation et certification : Comment mesurer efficacement les comp\u00e9tences acquises ?\" tabindex=\"-1\" >\n\t\t\tLire la suite \u00bb\t\t<\/a>\n\n\t\t\t\t<\/div>\n\t\t\t\t<div class=\"elementor-post__meta-data\">\n\t\t\t\t\t<span class=\"elementor-post-date\">\n\t\t\tFebruary 20, 2025\t\t<\/span>\n\t\t\t\t<\/div>\n\t\t\t\t\t<\/div>\n\t\t<\/article>\n\t\t\t\t<article class=\"elementor-post elementor-grid-item post-664 post type-post status-publish format-standard has-post-thumbnail hentry category-uncategorized\">\n\t\t\t<div class=\"elementor-post__card\">\n\t\t\t\t<a class=\"elementor-post__thumbnail__link\" href=\"https:\/\/academy.formatrix.fr\/en\/creer-un-parcours-blended-learning-trouver-le-bon-equilibre-entre-presentiel-et-digital\/\" tabindex=\"-1\" ><div class=\"elementor-post__thumbnail\"><img decoding=\"async\" width=\"3000\" height=\"3000\" src=\"https:\/\/academy.formatrix.fr\/wp-content\/uploads\/2025\/02\/7.png\" class=\"attachment-full size-full wp-image-566\" alt=\"\" srcset=\"https:\/\/academy.formatrix.fr\/wp-content\/uploads\/2025\/02\/7.png 3000w, https:\/\/academy.formatrix.fr\/wp-content\/uploads\/2025\/02\/7-300x300.png 300w, https:\/\/academy.formatrix.fr\/wp-content\/uploads\/2025\/02\/7-100x100.png 100w, https:\/\/academy.formatrix.fr\/wp-content\/uploads\/2025\/02\/7-600x600.png 600w, https:\/\/academy.formatrix.fr\/wp-content\/uploads\/2025\/02\/7-1024x1024.png 1024w, https:\/\/academy.formatrix.fr\/wp-content\/uploads\/2025\/02\/7-150x150.png 150w, https:\/\/academy.formatrix.fr\/wp-content\/uploads\/2025\/02\/7-768x768.png 768w, https:\/\/academy.formatrix.fr\/wp-content\/uploads\/2025\/02\/7-1536x1536.png 1536w, https:\/\/academy.formatrix.fr\/wp-content\/uploads\/2025\/02\/7-2048x2048.png 2048w, https:\/\/academy.formatrix.fr\/wp-content\/uploads\/2025\/02\/7-12x12.png 12w, https:\/\/academy.formatrix.fr\/wp-content\/uploads\/2025\/02\/7-624x624.png 624w, https:\/\/academy.formatrix.fr\/wp-content\/uploads\/2025\/02\/7-50x50.png 50w\" sizes=\"(max-width: 3000px) 100vw, 3000px\" \/><\/div><\/a>\n\t\t\t\t<div class=\"elementor-post__text\">\n\t\t\t\t<p class=\"elementor-post__title\">\n\t\t\t<a href=\"https:\/\/academy.formatrix.fr\/en\/creer-un-parcours-blended-learning-trouver-le-bon-equilibre-entre-presentiel-et-digital\/\" >\n\t\t\t\tCr\u00e9er un parcours blended learning : Trouver le bon \u00e9quilibre entre pr\u00e9sentiel et digital\t\t\t<\/a>\n\t\t<\/p>\n\t\t\t\t<div class=\"elementor-post__excerpt\">\n\t\t\t<p>Introduction : Pourquoi opter pour le blended learning ? Le blended learning, ou apprentissage mixte, combine les avantages du pr\u00e9sentiel et du digital pour optimiser l\u2019exp\u00e9rience de formation. Il permet<\/p>\n\t\t<\/div>\n\t\t\n\t\t<a class=\"elementor-post__read-more\" href=\"https:\/\/academy.formatrix.fr\/en\/creer-un-parcours-blended-learning-trouver-le-bon-equilibre-entre-presentiel-et-digital\/\" aria-label=\"Read more about Cr\u00e9er un parcours blended learning : Trouver le bon \u00e9quilibre entre pr\u00e9sentiel et digital\" tabindex=\"-1\" >\n\t\t\tLire la suite \u00bb\t\t<\/a>\n\n\t\t\t\t<\/div>\n\t\t\t\t<div class=\"elementor-post__meta-data\">\n\t\t\t\t\t<span class=\"elementor-post-date\">\n\t\t\tFebruary 20, 2025\t\t<\/span>\n\t\t\t\t<\/div>\n\t\t\t\t\t<\/div>\n\t\t<\/article>\n\t\t\t\t<article class=\"elementor-post elementor-grid-item post-662 post type-post status-publish format-standard has-post-thumbnail hentry category-uncategorized\">\n\t\t\t<div class=\"elementor-post__card\">\n\t\t\t\t<a class=\"elementor-post__thumbnail__link\" href=\"https:\/\/academy.formatrix.fr\/en\/digitalisation-de-la-formation-par-ou-commencer-pour-transformer-son-parcours-pedagogique\/\" tabindex=\"-1\" ><div class=\"elementor-post__thumbnail\"><img loading=\"lazy\" decoding=\"async\" width=\"3000\" height=\"3000\" src=\"https:\/\/academy.formatrix.fr\/wp-content\/uploads\/2025\/02\/8.png\" class=\"attachment-full size-full wp-image-565\" alt=\"\" srcset=\"https:\/\/academy.formatrix.fr\/wp-content\/uploads\/2025\/02\/8.png 3000w, https:\/\/academy.formatrix.fr\/wp-content\/uploads\/2025\/02\/8-300x300.png 300w, https:\/\/academy.formatrix.fr\/wp-content\/uploads\/2025\/02\/8-100x100.png 100w, https:\/\/academy.formatrix.fr\/wp-content\/uploads\/2025\/02\/8-600x600.png 600w, https:\/\/academy.formatrix.fr\/wp-content\/uploads\/2025\/02\/8-1024x1024.png 1024w, https:\/\/academy.formatrix.fr\/wp-content\/uploads\/2025\/02\/8-150x150.png 150w, https:\/\/academy.formatrix.fr\/wp-content\/uploads\/2025\/02\/8-768x768.png 768w, https:\/\/academy.formatrix.fr\/wp-content\/uploads\/2025\/02\/8-1536x1536.png 1536w, https:\/\/academy.formatrix.fr\/wp-content\/uploads\/2025\/02\/8-2048x2048.png 2048w, https:\/\/academy.formatrix.fr\/wp-content\/uploads\/2025\/02\/8-12x12.png 12w, https:\/\/academy.formatrix.fr\/wp-content\/uploads\/2025\/02\/8-624x624.png 624w, https:\/\/academy.formatrix.fr\/wp-content\/uploads\/2025\/02\/8-50x50.png 50w\" sizes=\"(max-width: 3000px) 100vw, 3000px\" \/><\/div><\/a>\n\t\t\t\t<div class=\"elementor-post__text\">\n\t\t\t\t<p class=\"elementor-post__title\">\n\t\t\t<a href=\"https:\/\/academy.formatrix.fr\/en\/digitalisation-de-la-formation-par-ou-commencer-pour-transformer-son-parcours-pedagogique\/\" >\n\t\t\t\tDigitalisation de la formation : Par o\u00f9 commencer pour transformer son parcours p\u00e9dagogique ?\t\t\t<\/a>\n\t\t<\/p>\n\t\t\t\t<div class=\"elementor-post__excerpt\">\n\t\t\t<p>Introduction : Pourquoi digitaliser sa formation ? Dans un monde o\u00f9 les technologies \u00e9voluent sans cesse, la digitalisation de la formation est devenue un levier incontournable pour am\u00e9liorer l\u2019apprentissage, accro\u00eetre<\/p>\n\t\t<\/div>\n\t\t\n\t\t<a class=\"elementor-post__read-more\" href=\"https:\/\/academy.formatrix.fr\/en\/digitalisation-de-la-formation-par-ou-commencer-pour-transformer-son-parcours-pedagogique\/\" aria-label=\"Read more about Digitalisation de la formation : Par o\u00f9 commencer pour transformer son parcours p\u00e9dagogique ?\" tabindex=\"-1\" >\n\t\t\tLire la suite \u00bb\t\t<\/a>\n\n\t\t\t\t<\/div>\n\t\t\t\t<div class=\"elementor-post__meta-data\">\n\t\t\t\t\t<span class=\"elementor-post-date\">\n\t\t\tFebruary 20, 2025\t\t<\/span>\n\t\t\t\t<\/div>\n\t\t\t\t\t<\/div>\n\t\t<\/article>\n\t\t\t\t<article class=\"elementor-post elementor-grid-item post-660 post type-post status-publish format-standard has-post-thumbnail hentry category-uncategorized\">\n\t\t\t<div class=\"elementor-post__card\">\n\t\t\t\t<a class=\"elementor-post__thumbnail__link\" href=\"https:\/\/academy.formatrix.fr\/en\/les-cles-dune-formation-engageante-comment-capter-lattention-de-vos-apprenants-en-ligne\/\" tabindex=\"-1\" ><div class=\"elementor-post__thumbnail\"><img loading=\"lazy\" decoding=\"async\" width=\"3000\" height=\"3000\" src=\"https:\/\/academy.formatrix.fr\/wp-content\/uploads\/2025\/02\/1.png\" class=\"attachment-full size-full wp-image-564\" alt=\"\" srcset=\"https:\/\/academy.formatrix.fr\/wp-content\/uploads\/2025\/02\/1.png 3000w, https:\/\/academy.formatrix.fr\/wp-content\/uploads\/2025\/02\/1-300x300.png 300w, https:\/\/academy.formatrix.fr\/wp-content\/uploads\/2025\/02\/1-100x100.png 100w, https:\/\/academy.formatrix.fr\/wp-content\/uploads\/2025\/02\/1-600x600.png 600w, https:\/\/academy.formatrix.fr\/wp-content\/uploads\/2025\/02\/1-1024x1024.png 1024w, https:\/\/academy.formatrix.fr\/wp-content\/uploads\/2025\/02\/1-150x150.png 150w, https:\/\/academy.formatrix.fr\/wp-content\/uploads\/2025\/02\/1-768x768.png 768w, https:\/\/academy.formatrix.fr\/wp-content\/uploads\/2025\/02\/1-1536x1536.png 1536w, https:\/\/academy.formatrix.fr\/wp-content\/uploads\/2025\/02\/1-2048x2048.png 2048w, https:\/\/academy.formatrix.fr\/wp-content\/uploads\/2025\/02\/1-12x12.png 12w, https:\/\/academy.formatrix.fr\/wp-content\/uploads\/2025\/02\/1-624x624.png 624w, https:\/\/academy.formatrix.fr\/wp-content\/uploads\/2025\/02\/1-50x50.png 50w\" sizes=\"(max-width: 3000px) 100vw, 3000px\" \/><\/div><\/a>\n\t\t\t\t<div class=\"elementor-post__text\">\n\t\t\t\t<p class=\"elementor-post__title\">\n\t\t\t<a href=\"https:\/\/academy.formatrix.fr\/en\/les-cles-dune-formation-engageante-comment-capter-lattention-de-vos-apprenants-en-ligne\/\" >\n\t\t\t\tLes cl\u00e9s d\u2019une formation engageante : Comment capter l\u2019attention de vos apprenants en ligne\t\t\t<\/a>\n\t\t<\/p>\n\t\t\t\t<div class=\"elementor-post__excerpt\">\n\t\t\t<p>Introduction : L\u2019enjeu de l\u2019engagement dans la formation en ligne Avec la digitalisation croissante des parcours de formation, l\u2019un des plus grands d\u00e9fis pour les formateurs est de capter et<\/p>\n\t\t<\/div>\n\t\t\n\t\t<a class=\"elementor-post__read-more\" href=\"https:\/\/academy.formatrix.fr\/en\/les-cles-dune-formation-engageante-comment-capter-lattention-de-vos-apprenants-en-ligne\/\" aria-label=\"Read more about Les cl\u00e9s d\u2019une formation engageante : Comment capter l\u2019attention de vos apprenants en ligne\" tabindex=\"-1\" >\n\t\t\tLire la suite \u00bb\t\t<\/a>\n\n\t\t\t\t<\/div>\n\t\t\t\t<div class=\"elementor-post__meta-data\">\n\t\t\t\t\t<span class=\"elementor-post-date\">\n\t\t\tFebruary 20, 2025\t\t<\/span>\n\t\t\t\t<\/div>\n\t\t\t\t\t<\/div>\n\t\t<\/article>\n\t\t\t\t<article class=\"elementor-post elementor-grid-item post-658 post type-post status-publish format-standard has-post-thumbnail hentry category-uncategorized\">\n\t\t\t<div class=\"elementor-post__card\">\n\t\t\t\t<a class=\"elementor-post__thumbnail__link\" href=\"https:\/\/academy.formatrix.fr\/en\/les-neurosciences-au-service-de-la-pedagogie-ce-que-tout-formateur-devrait-savoir\/\" tabindex=\"-1\" ><div class=\"elementor-post__thumbnail\"><img loading=\"lazy\" decoding=\"async\" width=\"3000\" height=\"3000\" src=\"https:\/\/academy.formatrix.fr\/wp-content\/uploads\/2025\/02\/3.png\" class=\"attachment-full size-full wp-image-429\" alt=\"\" srcset=\"https:\/\/academy.formatrix.fr\/wp-content\/uploads\/2025\/02\/3.png 3000w, https:\/\/academy.formatrix.fr\/wp-content\/uploads\/2025\/02\/3-300x300.png 300w, https:\/\/academy.formatrix.fr\/wp-content\/uploads\/2025\/02\/3-100x100.png 100w, https:\/\/academy.formatrix.fr\/wp-content\/uploads\/2025\/02\/3-600x600.png 600w, https:\/\/academy.formatrix.fr\/wp-content\/uploads\/2025\/02\/3-1024x1024.png 1024w, https:\/\/academy.formatrix.fr\/wp-content\/uploads\/2025\/02\/3-150x150.png 150w, https:\/\/academy.formatrix.fr\/wp-content\/uploads\/2025\/02\/3-768x768.png 768w, https:\/\/academy.formatrix.fr\/wp-content\/uploads\/2025\/02\/3-1536x1536.png 1536w, https:\/\/academy.formatrix.fr\/wp-content\/uploads\/2025\/02\/3-2048x2048.png 2048w, https:\/\/academy.formatrix.fr\/wp-content\/uploads\/2025\/02\/3-624x624.png 624w, https:\/\/academy.formatrix.fr\/wp-content\/uploads\/2025\/02\/3-50x50.png 50w\" sizes=\"(max-width: 3000px) 100vw, 3000px\" \/><\/div><\/a>\n\t\t\t\t<div class=\"elementor-post__text\">\n\t\t\t\t<p class=\"elementor-post__title\">\n\t\t\t<a href=\"https:\/\/academy.formatrix.fr\/en\/les-neurosciences-au-service-de-la-pedagogie-ce-que-tout-formateur-devrait-savoir\/\" >\n\t\t\t\tLes neurosciences au service de la p\u00e9dagogie : Ce que tout formateur devrait savoir\t\t\t<\/a>\n\t\t<\/p>\n\t\t\t\t<div class=\"elementor-post__excerpt\">\n\t\t\t<p>Introduction : Pourquoi les neurosciences en p\u00e9dagogie ? L\u2019apprentissage n\u2019est pas qu\u2019une question de transmission de connaissances : il s\u2019agit avant tout d\u2019un processus c\u00e9r\u00e9bral complexe. Gr\u00e2ce aux avanc\u00e9es en<\/p>\n\t\t<\/div>\n\t\t\n\t\t<a class=\"elementor-post__read-more\" href=\"https:\/\/academy.formatrix.fr\/en\/les-neurosciences-au-service-de-la-pedagogie-ce-que-tout-formateur-devrait-savoir\/\" aria-label=\"Read more about Les neurosciences au service de la p\u00e9dagogie : Ce que tout formateur devrait savoir\" tabindex=\"-1\" >\n\t\t\tLire la suite \u00bb\t\t<\/a>\n\n\t\t\t\t<\/div>\n\t\t\t\t<div class=\"elementor-post__meta-data\">\n\t\t\t\t\t<span class=\"elementor-post-date\">\n\t\t\tFebruary 20, 2025\t\t<\/span>\n\t\t\t\t<\/div>\n\t\t\t\t\t<\/div>\n\t\t<\/article>\n\t\t\t\t<\/div>\n\t\t\n\t\t\t\t\t\t<\/div>\n\t\t\t\t<\/div>\n\t\t\t\t\t<\/div>\n\t\t\t\t<\/div>\n\t\t\t\t<\/div>","protected":false},"excerpt":{"rendered":"<p>Blog p\u00e9dagogique<\/p>","protected":false},"author":1,"featured_media":0,"parent":0,"menu_order":0,"comment_status":"closed","ping_status":"closed","template":"elementor_header_footer","meta":{"footnotes":""},"class_list":["post-108","page","type-page","status-publish","hentry"],"_links":{"self":[{"href":"https:\/\/academy.formatrix.fr\/en\/wp-json\/wp\/v2\/pages\/108","targetHints":{"allow":["GET"]}}],"collection":[{"href":"https:\/\/academy.formatrix.fr\/en\/wp-json\/wp\/v2\/pages"}],"about":[{"href":"https:\/\/academy.formatrix.fr\/en\/wp-json\/wp\/v2\/types\/page"}],"author":[{"embeddable":true,"href":"https:\/\/academy.formatrix.fr\/en\/wp-json\/wp\/v2\/users\/1"}],"replies":[{"embeddable":true,"href":"https:\/\/academy.formatrix.fr\/en\/wp-json\/wp\/v2\/comments?post=108"}],"version-history":[{"count":10,"href":"https:\/\/academy.formatrix.fr\/en\/wp-json\/wp\/v2\/pages\/108\/revisions"}],"predecessor-version":[{"id":671,"href":"https:\/\/academy.formatrix.fr\/en\/wp-json\/wp\/v2\/pages\/108\/revisions\/671"}],"wp:attachment":[{"href":"https:\/\/academy.formatrix.fr\/en\/wp-json\/wp\/v2\/media?parent=108"}],"curies":[{"name":"wp","href":"https:\/\/api.w.org\/{rel}","templated":true}]}}