{"id":82,"date":"2025-02-17T12:07:17","date_gmt":"2025-02-17T12:07:17","guid":{"rendered":"https:\/\/academy.formatrix.fr\/qui-sommes-nous\/"},"modified":"2025-02-17T12:22:52","modified_gmt":"2025-02-17T12:22:52","slug":"qui-sommes-nous","status":"publish","type":"page","link":"https:\/\/academy.formatrix.fr\/en\/qui-sommes-nous\/","title":{"rendered":"Qui sommes-nous"},"content":{"rendered":"<div data-elementor-type=\"wp-page\" data-elementor-id=\"82\" class=\"elementor elementor-82\" data-elementor-post-type=\"page\">\n\t\t\t\t<div class=\"elementor-element elementor-element-4982b814 e-flex e-con-boxed e-con e-parent\" data-id=\"4982b814\" data-element_type=\"container\" data-e-type=\"container\">\n\t\t\t\t\t<div class=\"e-con-inner\">\n\t\t<div class=\"elementor-element elementor-element-26bb4f8e e-con-full e-flex e-con e-child\" data-id=\"26bb4f8e\" data-element_type=\"container\" data-e-type=\"container\" data-settings=\"{&quot;background_background&quot;:&quot;gradient&quot;}\">\n\t\t<div class=\"elementor-element elementor-element-7139ffc7 e-con-full e-flex e-con e-child\" data-id=\"7139ffc7\" data-element_type=\"container\" data-e-type=\"container\">\n\t\t\t\t<div class=\"elementor-element elementor-element-659ce84d elementor-widget elementor-widget-heading\" data-id=\"659ce84d\" data-element_type=\"widget\" data-e-type=\"widget\" data-widget_type=\"heading.default\">\n\t\t\t\t<div class=\"elementor-widget-container\">\n\t\t\t\t\t<h1 class=\"elementor-heading-title elementor-size-default\">Qui sommes nous<\/h1>\t\t\t\t<\/div>\n\t\t\t\t<\/div>\n\t\t\t\t<div class=\"elementor-element elementor-element-7787427d elementor-widget elementor-widget-text-editor\" data-id=\"7787427d\" data-element_type=\"widget\" data-e-type=\"widget\" data-widget_type=\"text-editor.default\">\n\t\t\t\t<div class=\"elementor-widget-container\">\n\t\t\t\t\t\t\t\t\t<p>Formatrix est un organismes de formation sur les m\u00e9tiers et comp\u00e9tences de demain. Nous nous consacrons \u00e0 l\u2019enseignement et\u00a0 d\u00e9veloppement de comp\u00e9tences professionnelles \u00e0 travers des formations innovantes et adapt\u00e9es aux besoins actuels et futurs des professionnels pour d\u00e9velopper leur Business.\u00a0<\/p>\t\t\t\t\t\t\t\t<\/div>\n\t\t\t\t<\/div>\n\t\t\t\t<div class=\"elementor-element elementor-element-6e68b3ef elementor-widget elementor-widget-button\" data-id=\"6e68b3ef\" data-element_type=\"widget\" data-e-type=\"widget\" data-widget_type=\"button.default\">\n\t\t\t\t<div class=\"elementor-widget-container\">\n\t\t\t\t\t\t\t\t\t<div class=\"elementor-button-wrapper\">\n\t\t\t\t\t<a class=\"elementor-button elementor-button-link elementor-size-sm\" href=\"#\">\n\t\t\t\t\t\t<span class=\"elementor-button-content-wrapper\">\n\t\t\t\t\t\t\t\t\t<span class=\"elementor-button-text\">Rejoindre Formatrix<\/span>\n\t\t\t\t\t<\/span>\n\t\t\t\t\t<\/a>\n\t\t\t\t<\/div>\n\t\t\t\t\t\t\t\t<\/div>\n\t\t\t\t<\/div>\n\t\t\t\t<\/div>\n\t\t<div class=\"elementor-element elementor-element-b5a1b29 e-con-full e-flex e-con e-child\" data-id=\"b5a1b29\" data-element_type=\"container\" data-e-type=\"container\">\n\t\t\t\t<div class=\"elementor-element elementor-element-4cf8b8c0 elementor-widget elementor-widget-image\" data-id=\"4cf8b8c0\" data-element_type=\"widget\" data-e-type=\"widget\" data-widget_type=\"image.default\">\n\t\t\t\t<div class=\"elementor-widget-container\">\n\t\t\t\t\t\t\t\t\t\t\t\t\t\t\t<img fetchpriority=\"high\" decoding=\"async\" width=\"476\" height=\"511\" src=\"https:\/\/academy.formatrix.fr\/wp-content\/uploads\/2025\/02\/portage-qualiopi.webp\" class=\"attachment-large size-large wp-image-57\" alt=\"\" srcset=\"https:\/\/academy.formatrix.fr\/wp-content\/uploads\/2025\/02\/portage-qualiopi.webp 476w, https:\/\/academy.formatrix.fr\/wp-content\/uploads\/2025\/02\/portage-qualiopi-279x300.webp 279w\" sizes=\"(max-width: 476px) 100vw, 476px\" \/>\t\t\t\t\t\t\t\t\t\t\t\t\t\t\t<\/div>\n\t\t\t\t<\/div>\n\t\t\t\t<\/div>\n\t\t\t\t<\/div>\n\t\t\t\t\t<\/div>\n\t\t\t\t<\/div>\n\t\t<div class=\"elementor-element elementor-element-1912bd51 e-flex e-con-boxed e-con e-parent\" data-id=\"1912bd51\" data-element_type=\"container\" data-e-type=\"container\">\n\t\t\t\t\t<div class=\"e-con-inner\">\n\t\t\t\t<div class=\"elementor-element elementor-element-6e5d327b elementor-widget elementor-widget-heading\" data-id=\"6e5d327b\" data-element_type=\"widget\" data-e-type=\"widget\" data-widget_type=\"heading.default\">\n\t\t\t\t<div class=\"elementor-widget-container\">\n\t\t\t\t\t<h2 class=\"elementor-heading-title elementor-size-default\">Nos valeurs<\/h2>\t\t\t\t<\/div>\n\t\t\t\t<\/div>\n\t\t\t\t<div class=\"elementor-element elementor-element-35f43bfc elementor-widget elementor-widget-text-editor\" data-id=\"35f43bfc\" data-element_type=\"widget\" data-e-type=\"widget\" data-widget_type=\"text-editor.default\">\n\t\t\t\t<div class=\"elementor-widget-container\">\n\t\t\t\t\t\t\t\t\t<p>Nous sommes tous reli\u00e9s par une cha\u00eene de valeurs qui est au coeur de chaque parcours de formation que nous proposons.\u00a0<\/p>\t\t\t\t\t\t\t\t<\/div>\n\t\t\t\t<\/div>\n\t\t\t\t\t<\/div>\n\t\t\t\t<\/div>\n\t\t<div class=\"elementor-element elementor-element-370f81b6 e-con-full e-flex e-con e-child\" data-id=\"370f81b6\" data-element_type=\"container\" data-e-type=\"container\">\n\t\t\t\t<div class=\"elementor-element elementor-element-2f820100 elementor-widget__width-initial elementor-position-top elementor-widget elementor-widget-image-box\" data-id=\"2f820100\" data-element_type=\"widget\" data-e-type=\"widget\" data-widget_type=\"image-box.default\">\n\t\t\t\t<div class=\"elementor-widget-container\">\n\t\t\t\t\t<div class=\"elementor-image-box-wrapper\"><figure class=\"elementor-image-box-img\"><img decoding=\"async\" width=\"1200\" height=\"758\" src=\"https:\/\/academy.formatrix.fr\/wp-content\/uploads\/2025\/02\/portage-qualiopi-accreditation-scaled-1.webp\" class=\"attachment-full size-full wp-image-83\" alt=\"\" srcset=\"https:\/\/academy.formatrix.fr\/wp-content\/uploads\/2025\/02\/portage-qualiopi-accreditation-scaled-1.webp 1200w, https:\/\/academy.formatrix.fr\/wp-content\/uploads\/2025\/02\/portage-qualiopi-accreditation-scaled-1-600x379.webp 600w, https:\/\/academy.formatrix.fr\/wp-content\/uploads\/2025\/02\/portage-qualiopi-accreditation-scaled-1-300x190.webp 300w, https:\/\/academy.formatrix.fr\/wp-content\/uploads\/2025\/02\/portage-qualiopi-accreditation-scaled-1-1024x647.webp 1024w, https:\/\/academy.formatrix.fr\/wp-content\/uploads\/2025\/02\/portage-qualiopi-accreditation-scaled-1-768x485.webp 768w, https:\/\/academy.formatrix.fr\/wp-content\/uploads\/2025\/02\/portage-qualiopi-accreditation-scaled-1-624x394.webp 624w\" sizes=\"(max-width: 1200px) 100vw, 1200px\" \/><\/figure><div class=\"elementor-image-box-content\"><h3 class=\"elementor-image-box-title\">Excellence et professionalisme<\/h3><p class=\"elementor-image-box-description\">Formatrix  s\u2019engage \u00e0 maintenir les normes les plus \u00e9lev\u00e9es dans tous ses services, en assurant un niveau de professionnalisme et de comp\u00e9tence exceptionnel.<\/p><\/div><\/div>\t\t\t\t<\/div>\n\t\t\t\t<\/div>\n\t\t\t\t<div class=\"elementor-element elementor-element-72b6aee0 elementor-widget__width-initial elementor-position-top elementor-widget elementor-widget-image-box\" data-id=\"72b6aee0\" data-element_type=\"widget\" data-e-type=\"widget\" data-widget_type=\"image-box.default\">\n\t\t\t\t<div class=\"elementor-widget-container\">\n\t\t\t\t\t<div class=\"elementor-image-box-wrapper\"><figure class=\"elementor-image-box-img\"><img decoding=\"async\" width=\"945\" height=\"597\" src=\"https:\/\/academy.formatrix.fr\/wp-content\/uploads\/2025\/02\/portage-qualiopi-responsable.webp\" class=\"attachment-full size-full wp-image-84\" alt=\"\" srcset=\"https:\/\/academy.formatrix.fr\/wp-content\/uploads\/2025\/02\/portage-qualiopi-responsable.webp 945w, https:\/\/academy.formatrix.fr\/wp-content\/uploads\/2025\/02\/portage-qualiopi-responsable-600x379.webp 600w, https:\/\/academy.formatrix.fr\/wp-content\/uploads\/2025\/02\/portage-qualiopi-responsable-300x190.webp 300w, https:\/\/academy.formatrix.fr\/wp-content\/uploads\/2025\/02\/portage-qualiopi-responsable-768x485.webp 768w, https:\/\/academy.formatrix.fr\/wp-content\/uploads\/2025\/02\/portage-qualiopi-responsable-624x394.webp 624w\" sizes=\"(max-width: 945px) 100vw, 945px\" \/><\/figure><div class=\"elementor-image-box-content\"><h3 class=\"elementor-image-box-title\">Autonomie et Libert\u00e9<\/h3><p class=\"elementor-image-box-description\">Nous sommes convaincus  que l\u2019apprentissage est  plus efficace et significatif lorsqu\u2019il est entrepris de mani\u00e8re volontaire, favorisant ainsi l\u2019autonomie et la libert\u00e9 dans l\u2019ensemble de nos parcours. <\/p><\/div><\/div>\t\t\t\t<\/div>\n\t\t\t\t<\/div>\n\t\t\t\t<div class=\"elementor-element elementor-element-2c1b9d50 elementor-widget__width-initial elementor-position-top elementor-widget elementor-widget-image-box\" data-id=\"2c1b9d50\" data-element_type=\"widget\" data-e-type=\"widget\" data-widget_type=\"image-box.default\">\n\t\t\t\t<div class=\"elementor-widget-container\">\n\t\t\t\t\t<div class=\"elementor-image-box-wrapper\"><figure class=\"elementor-image-box-img\"><img loading=\"lazy\" decoding=\"async\" width=\"945\" height=\"597\" src=\"https:\/\/academy.formatrix.fr\/wp-content\/uploads\/2025\/02\/portage-qualiopi-pedagogique.webp\" class=\"attachment-full size-full wp-image-85\" alt=\"\" srcset=\"https:\/\/academy.formatrix.fr\/wp-content\/uploads\/2025\/02\/portage-qualiopi-pedagogique.webp 945w, https:\/\/academy.formatrix.fr\/wp-content\/uploads\/2025\/02\/portage-qualiopi-pedagogique-600x379.webp 600w, https:\/\/academy.formatrix.fr\/wp-content\/uploads\/2025\/02\/portage-qualiopi-pedagogique-300x190.webp 300w, https:\/\/academy.formatrix.fr\/wp-content\/uploads\/2025\/02\/portage-qualiopi-pedagogique-768x485.webp 768w, https:\/\/academy.formatrix.fr\/wp-content\/uploads\/2025\/02\/portage-qualiopi-pedagogique-624x394.webp 624w\" sizes=\"(max-width: 945px) 100vw, 945px\" \/><\/figure><div class=\"elementor-image-box-content\"><h3 class=\"elementor-image-box-title\">Innovation et \u00c9volution<\/h3><p class=\"elementor-image-box-description\">Formatrix se veut \u00eatre \u00e0 la pointe dans le cadre de ses contenus de formation mais \u00e9galement dans sa mani\u00e8re d\u2019enseigner ces comp\u00e9tences.<\/p><\/div><\/div>\t\t\t\t<\/div>\n\t\t\t\t<\/div>\n\t\t\t\t<div class=\"elementor-element elementor-element-1f5b4e3e elementor-widget__width-initial elementor-position-top elementor-widget elementor-widget-image-box\" data-id=\"1f5b4e3e\" data-element_type=\"widget\" data-e-type=\"widget\" data-widget_type=\"image-box.default\">\n\t\t\t\t<div class=\"elementor-widget-container\">\n\t\t\t\t\t<div class=\"elementor-image-box-wrapper\"><figure class=\"elementor-image-box-img\"><img loading=\"lazy\" decoding=\"async\" width=\"945\" height=\"597\" src=\"https:\/\/academy.formatrix.fr\/wp-content\/uploads\/2025\/02\/portage-qualiopi-administratif.webp\" class=\"attachment-full size-full wp-image-86\" alt=\"\" srcset=\"https:\/\/academy.formatrix.fr\/wp-content\/uploads\/2025\/02\/portage-qualiopi-administratif.webp 945w, https:\/\/academy.formatrix.fr\/wp-content\/uploads\/2025\/02\/portage-qualiopi-administratif-600x379.webp 600w, https:\/\/academy.formatrix.fr\/wp-content\/uploads\/2025\/02\/portage-qualiopi-administratif-300x190.webp 300w, https:\/\/academy.formatrix.fr\/wp-content\/uploads\/2025\/02\/portage-qualiopi-administratif-768x485.webp 768w, https:\/\/academy.formatrix.fr\/wp-content\/uploads\/2025\/02\/portage-qualiopi-administratif-624x394.webp 624w\" sizes=\"(max-width: 945px) 100vw, 945px\" \/><\/figure><div class=\"elementor-image-box-content\"><h3 class=\"elementor-image-box-title\">Coh\u00e9rence Cognitive : Fa\u00e7onner un Avenir D\u00e9sirable<\/h3><p class=\"elementor-image-box-description\">Formatrix se concentre sur la cr\u00e9ation  de parcours de formation et de d\u00e9veloppement de comp\u00e9tence en coh\u00e9rence avec notre souhait d\u2019un avenir d\u00e9sirable. <\/p><\/div><\/div>\t\t\t\t<\/div>\n\t\t\t\t<\/div>\n\t\t\t\t<\/div>\n\t\t<div class=\"elementor-element elementor-element-4aa957af e-flex e-con-boxed e-con e-parent\" data-id=\"4aa957af\" data-element_type=\"container\" data-e-type=\"container\">\n\t\t\t\t\t<div class=\"e-con-inner\">\n\t\t\t\t<div class=\"elementor-element elementor-element-2d34fa7b elementor-align-center elementor-widget elementor-widget-button\" data-id=\"2d34fa7b\" data-element_type=\"widget\" data-e-type=\"widget\" data-widget_type=\"button.default\">\n\t\t\t\t<div class=\"elementor-widget-container\">\n\t\t\t\t\t\t\t\t\t<div class=\"elementor-button-wrapper\">\n\t\t\t\t\t<a class=\"elementor-button elementor-button-link elementor-size-sm\" href=\"https:\/\/refonte.formatrix.fr\/code-deontologique\/\">\n\t\t\t\t\t\t<span class=\"elementor-button-content-wrapper\">\n\t\t\t\t\t\t\t\t\t<span class=\"elementor-button-text\">Lire le manifeste de Formatrix<\/span>\n\t\t\t\t\t<\/span>\n\t\t\t\t\t<\/a>\n\t\t\t\t<\/div>\n\t\t\t\t\t\t\t\t<\/div>\n\t\t\t\t<\/div>\n\t\t\t\t\t<\/div>\n\t\t\t\t<\/div>\n\t\t<div class=\"elementor-element elementor-element-6fe07877 e-flex e-con-boxed e-con e-parent\" data-id=\"6fe07877\" data-element_type=\"container\" data-e-type=\"container\">\n\t\t\t\t\t<div class=\"e-con-inner\">\n\t\t\t\t<div class=\"elementor-element elementor-element-2b115a14 elementor-widget elementor-widget-heading\" data-id=\"2b115a14\" data-element_type=\"widget\" data-e-type=\"widget\" data-widget_type=\"heading.default\">\n\t\t\t\t<div class=\"elementor-widget-container\">\n\t\t\t\t\t<h2 class=\"elementor-heading-title elementor-size-default\">Pourquoi choisir Formatrix en tant qu\u2019Organisme de formation ?<\/h2>\t\t\t\t<\/div>\n\t\t\t\t<\/div>\n\t\t\t\t<div class=\"elementor-element elementor-element-23cc32ca elementor-widget elementor-widget-text-editor\" data-id=\"23cc32ca\" data-element_type=\"widget\" data-e-type=\"widget\" data-widget_type=\"text-editor.default\">\n\t\t\t\t<div class=\"elementor-widget-container\">\n\t\t\t\t\t\t\t\t\t<p>Chez Formatrix, vous b\u00e9n\u00e9ficiez d\u2019une exp\u00e9rience d\u2019apprentissage unique, encadr\u00e9e par des professionnels exp\u00e9riment\u00e9s. Nos formations sont con\u00e7ues pour vous fournir des comp\u00e9tences pratiques et adapt\u00e9s \u00e0 votre professionel , vous pr\u00e9parant ainsi aux d\u00e9fis du monde de demain. Notre flexibilit\u00e9 et notre adaptabilit\u00e9 garantissent que chaque formation r\u00e9pond \u00e0 vos attentes et objectifs de carri\u00e8re ou de d\u00e9veloppement de votre Business.\u00a0<\/p>\t\t\t\t\t\t\t\t<\/div>\n\t\t\t\t<\/div>\n\t\t\t\t<div class=\"elementor-element elementor-element-6e864c3c elementor-align-center elementor-widget elementor-widget-button\" data-id=\"6e864c3c\" data-element_type=\"widget\" data-e-type=\"widget\" data-widget_type=\"button.default\">\n\t\t\t\t<div class=\"elementor-widget-container\">\n\t\t\t\t\t\t\t\t\t<div class=\"elementor-button-wrapper\">\n\t\t\t\t\t<a class=\"elementor-button elementor-button-link elementor-size-sm\" href=\"https:\/\/refonte.formatrix.fr\/catalogue-de-formation\/\">\n\t\t\t\t\t\t<span class=\"elementor-button-content-wrapper\">\n\t\t\t\t\t\t\t\t\t<span class=\"elementor-button-text\">Voir notre catalogue de formation<\/span>\n\t\t\t\t\t<\/span>\n\t\t\t\t\t<\/a>\n\t\t\t\t<\/div>\n\t\t\t\t\t\t\t\t<\/div>\n\t\t\t\t<\/div>\n\t\t\t\t\t<\/div>\n\t\t\t\t<\/div>\n\t\t<div class=\"elementor-element elementor-element-49489c6b e-flex e-con-boxed e-con e-parent\" data-id=\"49489c6b\" data-element_type=\"container\" data-e-type=\"container\">\n\t\t\t\t\t<div class=\"e-con-inner\">\n\t\t\t\t<div class=\"elementor-element elementor-element-111e3324 elementor-widget elementor-widget-heading\" data-id=\"111e3324\" data-element_type=\"widget\" data-e-type=\"widget\" data-widget_type=\"heading.default\">\n\t\t\t\t<div class=\"elementor-widget-container\">\n\t\t\t\t\t<h2 class=\"elementor-heading-title elementor-size-default\">Pourquoi devenir formateur pour Formatrix ?<\/h2>\t\t\t\t<\/div>\n\t\t\t\t<\/div>\n\t\t\t\t<div class=\"elementor-element elementor-element-6c671573 elementor-widget elementor-widget-text-editor\" data-id=\"6c671573\" data-element_type=\"widget\" data-e-type=\"widget\" data-widget_type=\"text-editor.default\">\n\t\t\t\t<div class=\"elementor-widget-container\">\n\t\t\t\t\t\t\t\t\t<p>Rejoindre Formatrix en tant que formateur, c\u2019est faire partie d\u2019une \u00e9quipe dynamique et innovante. Nous valorisons l\u2019expertise de nos formateurs et offrons un environnement propice \u00e0 l\u2019\u00e9change de connaissances et \u00e0 la croissance professionnelle. En tant que formateur chez Formatrix, vous aurez l\u2019opportunit\u00e9 de faire une diff\u00e9rence significative dans la carri\u00e8re de nos apprenants, tout en d\u00e9veloppant votre propre r\u00e9seau professionnel et expertise.<\/p>\t\t\t\t\t\t\t\t<\/div>\n\t\t\t\t<\/div>\n\t\t\t\t<div class=\"elementor-element elementor-element-131887af elementor-align-center elementor-widget elementor-widget-button\" data-id=\"131887af\" data-element_type=\"widget\" data-e-type=\"widget\" data-widget_type=\"button.default\">\n\t\t\t\t<div class=\"elementor-widget-container\">\n\t\t\t\t\t\t\t\t\t<div class=\"elementor-button-wrapper\">\n\t\t\t\t\t<a class=\"elementor-button elementor-button-link elementor-size-sm\" href=\"https:\/\/refonte.formatrix.fr\/portage-qualiopi\/\">\n\t\t\t\t\t\t<span class=\"elementor-button-content-wrapper\">\n\t\t\t\t\t\t\t\t\t<span class=\"elementor-button-text\">En savoir plus<\/span>\n\t\t\t\t\t<\/span>\n\t\t\t\t\t<\/a>\n\t\t\t\t<\/div>\n\t\t\t\t\t\t\t\t<\/div>\n\t\t\t\t<\/div>\n\t\t\t\t\t<\/div>\n\t\t\t\t<\/div>\n\t\t<div class=\"elementor-element elementor-element-6be9095b e-flex e-con-boxed e-con e-parent\" data-id=\"6be9095b\" data-element_type=\"container\" data-e-type=\"container\">\n\t\t\t\t\t<div class=\"e-con-inner\">\n\t\t<div class=\"elementor-element elementor-element-41cbbc16 e-con-full e-flex e-con e-child\" data-id=\"41cbbc16\" data-element_type=\"container\" data-e-type=\"container\">\n\t\t\t\t<div class=\"elementor-element elementor-element-1c8736e8 elementor-widget elementor-widget-heading\" data-id=\"1c8736e8\" data-element_type=\"widget\" data-e-type=\"widget\" data-widget_type=\"heading.default\">\n\t\t\t\t<div class=\"elementor-widget-container\">\n\t\t\t\t\t<h2 class=\"elementor-heading-title elementor-size-default\">La p\u00e9dagogie Formatrix <\/h2>\t\t\t\t<\/div>\n\t\t\t\t<\/div>\n\t\t\t\t<div class=\"elementor-element elementor-element-42494174 elementor-widget elementor-widget-text-editor\" data-id=\"42494174\" data-element_type=\"widget\" data-e-type=\"widget\" data-widget_type=\"text-editor.default\">\n\t\t\t\t<div class=\"elementor-widget-container\">\n\t\t\t\t\t\t\t\t\t<p>Notre m\u00e9thodologie p\u00e9dagogique est centr\u00e9e sur l\u2019apprenant et son projet professionnel.\u00a0 Nous adoptons une approche personnalis\u00e9e, en ajustant nos formations aux besoins sp\u00e9cifiques de chaque participant. Nos formations sont interactives, engageantes et con\u00e7ues pour maximiser l\u2019apprentissage et l\u2019application pratique des connaissances.<\/p>\t\t\t\t\t\t\t\t<\/div>\n\t\t\t\t<\/div>\n\t\t\t\t<\/div>\n\t\t<div class=\"elementor-element elementor-element-3c41562c e-con-full e-flex e-con e-child\" data-id=\"3c41562c\" data-element_type=\"container\" data-e-type=\"container\">\n\t\t\t\t<div class=\"elementor-element elementor-element-5128347f elementor-widget elementor-widget-heading\" data-id=\"5128347f\" data-element_type=\"widget\" data-e-type=\"widget\" data-widget_type=\"heading.default\">\n\t\t\t\t<div class=\"elementor-widget-container\">\n\t\t\t\t\t<h2 class=\"elementor-heading-title elementor-size-default\">L\u2019observatoire des m\u00e9tiers de demain<\/h2>\t\t\t\t<\/div>\n\t\t\t\t<\/div>\n\t\t\t\t<div class=\"elementor-element elementor-element-3136b2f9 elementor-widget elementor-widget-text-editor\" data-id=\"3136b2f9\" data-element_type=\"widget\" data-e-type=\"widget\" data-widget_type=\"text-editor.default\">\n\t\t\t\t<div class=\"elementor-widget-container\">\n\t\t\t\t\t\t\t\t\t<p>Dans un monde professionnel en perp\u00e9tuelle mutation, Formatrix se positionne comme un observatoire dynamique des m\u00e9tiers de demain. Nous explorons les tendances \u00e9mergentes et les comp\u00e9tences cl\u00e9s n\u00e9cessaires pour s\u2019adapter et exceller dans le futur march\u00e9 du travail. Notre objectif est de fournir des formations innovantes et personnalis\u00e9es, permettant \u00e0 chacun de devenir l\u2019architecte de son avenir professionnel et de r\u00e9pondre avec agilit\u00e9 aux nouveaux d\u00e9fis.<\/p>\t\t\t\t\t\t\t\t<\/div>\n\t\t\t\t<\/div>\n\t\t\t\t<\/div>\n\t\t\t\t\t<\/div>\n\t\t\t\t<\/div>\n\t\t<div class=\"elementor-element elementor-element-15648d9d e-flex e-con-boxed e-con e-parent\" data-id=\"15648d9d\" data-element_type=\"container\" data-e-type=\"container\">\n\t\t\t\t\t<div class=\"e-con-inner\">\n\t\t\t\t<div class=\"elementor-element elementor-element-48c37b9d elementor-align-center elementor-widget elementor-widget-button\" data-id=\"48c37b9d\" data-element_type=\"widget\" data-e-type=\"widget\" data-widget_type=\"button.default\">\n\t\t\t\t<div class=\"elementor-widget-container\">\n\t\t\t\t\t\t\t\t\t<div class=\"elementor-button-wrapper\">\n\t\t\t\t\t<a class=\"elementor-button elementor-button-link elementor-size-sm\" href=\"https:\/\/refonte.formatrix.fr\/catalogue-de-formation\/\">\n\t\t\t\t\t\t<span class=\"elementor-button-content-wrapper\">\n\t\t\t\t\t\t\t\t\t<span class=\"elementor-button-text\">Voir notre catalogue de formation<\/span>\n\t\t\t\t\t<\/span>\n\t\t\t\t\t<\/a>\n\t\t\t\t<\/div>\n\t\t\t\t\t\t\t\t<\/div>\n\t\t\t\t<\/div>\n\t\t\t\t\t<\/div>\n\t\t\t\t<\/div>\n\t\t<div class=\"elementor-element elementor-element-26cf02f5 e-flex e-con-boxed e-con e-parent\" data-id=\"26cf02f5\" data-element_type=\"container\" data-e-type=\"container\">\n\t\t\t\t\t<div class=\"e-con-inner\">\n\t\t\t\t<div class=\"elementor-element elementor-element-2ec1bf84 elementor-widget elementor-widget-heading\" data-id=\"2ec1bf84\" data-element_type=\"widget\" data-e-type=\"widget\" data-widget_type=\"heading.default\">\n\t\t\t\t<div class=\"elementor-widget-container\">\n\t\t\t\t\t<h2 class=\"elementor-heading-title elementor-size-default\">Notre Blog p\u00e9dagogique<\/h2>\t\t\t\t<\/div>\n\t\t\t\t<\/div>\n\t\t\t\t<div class=\"elementor-element elementor-element-4d2c1253 elementor-grid-4 elementor-posts--thumbnail-none elementor-grid-tablet-2 elementor-grid-mobile-1 elementor-card-shadow-yes elementor-posts__hover-gradient elementor-widget elementor-widget-posts\" data-id=\"4d2c1253\" data-element_type=\"widget\" data-e-type=\"widget\" data-settings=\"{&quot;cards_columns&quot;:&quot;4&quot;,&quot;cards_columns_tablet&quot;:&quot;2&quot;,&quot;cards_columns_mobile&quot;:&quot;1&quot;,&quot;cards_row_gap&quot;:{&quot;unit&quot;:&quot;px&quot;,&quot;size&quot;:35,&quot;sizes&quot;:[]},&quot;cards_row_gap_tablet&quot;:{&quot;unit&quot;:&quot;px&quot;,&quot;size&quot;:&quot;&quot;,&quot;sizes&quot;:[]},&quot;cards_row_gap_mobile&quot;:{&quot;unit&quot;:&quot;px&quot;,&quot;size&quot;:&quot;&quot;,&quot;sizes&quot;:[]}}\" data-widget_type=\"posts.cards\">\n\t\t\t\t<div class=\"elementor-widget-container\">\n\t\t\t\t\t\t\t<div class=\"elementor-posts-container elementor-posts elementor-posts--skin-cards elementor-grid\">\n\t\t\t\t<article class=\"elementor-post elementor-grid-item post-666 post type-post status-publish format-standard has-post-thumbnail hentry category-uncategorized\">\n\t\t\t<div class=\"elementor-post__card\">\n\t\t\t\t<div class=\"elementor-post__text\">\n\t\t\t\t<p class=\"elementor-post__title\">\n\t\t\t<a href=\"https:\/\/academy.formatrix.fr\/en\/evaluation-et-certification-comment-mesurer-efficacement-les-competences-acquises\/\" >\n\t\t\t\t\u00c9valuation et certification : Comment mesurer efficacement les comp\u00e9tences acquises ?\t\t\t<\/a>\n\t\t<\/p>\n\t\t\t\t<div class=\"elementor-post__excerpt\">\n\t\t\t<p>Introduction : L&#8217;importance de l\u2019\u00e9valuation et de la certification L\u2019\u00e9valuation et la certification sont des piliers fondamentaux de toute formation. Elles permettent non seulement de mesurer l\u2019acquisition des comp\u00e9tences, mais<\/p>\n\t\t<\/div>\n\t\t\t\t\t<div class=\"elementor-post__read-more-wrapper\">\n\t\t\n\t\t<a class=\"elementor-post__read-more\" href=\"https:\/\/academy.formatrix.fr\/en\/evaluation-et-certification-comment-mesurer-efficacement-les-competences-acquises\/\" aria-label=\"Read more about \u00c9valuation et certification : Comment mesurer efficacement les comp\u00e9tences acquises ?\" tabindex=\"-1\" >\n\t\t\tLire la suite \u00bb\t\t<\/a>\n\n\t\t\t\t\t<\/div>\n\t\t\t\t<\/div>\n\t\t\t\t<div class=\"elementor-post__meta-data\">\n\t\t\t\t\t<span class=\"elementor-post-date\">\n\t\t\tFebruary 20, 2025\t\t<\/span>\n\t\t\t\t<\/div>\n\t\t\t\t\t<\/div>\n\t\t<\/article>\n\t\t\t\t<article class=\"elementor-post elementor-grid-item post-664 post type-post status-publish format-standard has-post-thumbnail hentry category-uncategorized\">\n\t\t\t<div class=\"elementor-post__card\">\n\t\t\t\t<div class=\"elementor-post__text\">\n\t\t\t\t<p class=\"elementor-post__title\">\n\t\t\t<a href=\"https:\/\/academy.formatrix.fr\/en\/creer-un-parcours-blended-learning-trouver-le-bon-equilibre-entre-presentiel-et-digital\/\" >\n\t\t\t\tCr\u00e9er un parcours blended learning : Trouver le bon \u00e9quilibre entre pr\u00e9sentiel et digital\t\t\t<\/a>\n\t\t<\/p>\n\t\t\t\t<div class=\"elementor-post__excerpt\">\n\t\t\t<p>Introduction : Pourquoi opter pour le blended learning ? Le blended learning, ou apprentissage mixte, combine les avantages du pr\u00e9sentiel et du digital pour optimiser l\u2019exp\u00e9rience de formation. Il permet<\/p>\n\t\t<\/div>\n\t\t\t\t\t<div class=\"elementor-post__read-more-wrapper\">\n\t\t\n\t\t<a class=\"elementor-post__read-more\" href=\"https:\/\/academy.formatrix.fr\/en\/creer-un-parcours-blended-learning-trouver-le-bon-equilibre-entre-presentiel-et-digital\/\" aria-label=\"Read more about Cr\u00e9er un parcours blended learning : Trouver le bon \u00e9quilibre entre pr\u00e9sentiel et digital\" tabindex=\"-1\" >\n\t\t\tLire la suite \u00bb\t\t<\/a>\n\n\t\t\t\t\t<\/div>\n\t\t\t\t<\/div>\n\t\t\t\t<div class=\"elementor-post__meta-data\">\n\t\t\t\t\t<span class=\"elementor-post-date\">\n\t\t\tFebruary 20, 2025\t\t<\/span>\n\t\t\t\t<\/div>\n\t\t\t\t\t<\/div>\n\t\t<\/article>\n\t\t\t\t<article class=\"elementor-post elementor-grid-item post-662 post type-post status-publish format-standard has-post-thumbnail hentry category-uncategorized\">\n\t\t\t<div class=\"elementor-post__card\">\n\t\t\t\t<div class=\"elementor-post__text\">\n\t\t\t\t<p class=\"elementor-post__title\">\n\t\t\t<a href=\"https:\/\/academy.formatrix.fr\/en\/digitalisation-de-la-formation-par-ou-commencer-pour-transformer-son-parcours-pedagogique\/\" >\n\t\t\t\tDigitalisation de la formation : Par o\u00f9 commencer pour transformer son parcours p\u00e9dagogique ?\t\t\t<\/a>\n\t\t<\/p>\n\t\t\t\t<div class=\"elementor-post__excerpt\">\n\t\t\t<p>Introduction : Pourquoi digitaliser sa formation ? Dans un monde o\u00f9 les technologies \u00e9voluent sans cesse, la digitalisation de la formation est devenue un levier incontournable pour am\u00e9liorer l\u2019apprentissage, accro\u00eetre<\/p>\n\t\t<\/div>\n\t\t\t\t\t<div class=\"elementor-post__read-more-wrapper\">\n\t\t\n\t\t<a class=\"elementor-post__read-more\" href=\"https:\/\/academy.formatrix.fr\/en\/digitalisation-de-la-formation-par-ou-commencer-pour-transformer-son-parcours-pedagogique\/\" aria-label=\"Read more about Digitalisation de la formation : Par o\u00f9 commencer pour transformer son parcours p\u00e9dagogique ?\" tabindex=\"-1\" >\n\t\t\tLire la suite \u00bb\t\t<\/a>\n\n\t\t\t\t\t<\/div>\n\t\t\t\t<\/div>\n\t\t\t\t<div class=\"elementor-post__meta-data\">\n\t\t\t\t\t<span class=\"elementor-post-date\">\n\t\t\tFebruary 20, 2025\t\t<\/span>\n\t\t\t\t<\/div>\n\t\t\t\t\t<\/div>\n\t\t<\/article>\n\t\t\t\t<article class=\"elementor-post elementor-grid-item post-660 post type-post status-publish format-standard has-post-thumbnail hentry category-uncategorized\">\n\t\t\t<div class=\"elementor-post__card\">\n\t\t\t\t<div class=\"elementor-post__text\">\n\t\t\t\t<p class=\"elementor-post__title\">\n\t\t\t<a href=\"https:\/\/academy.formatrix.fr\/en\/les-cles-dune-formation-engageante-comment-capter-lattention-de-vos-apprenants-en-ligne\/\" >\n\t\t\t\tLes cl\u00e9s d\u2019une formation engageante : Comment capter l\u2019attention de vos apprenants en ligne\t\t\t<\/a>\n\t\t<\/p>\n\t\t\t\t<div class=\"elementor-post__excerpt\">\n\t\t\t<p>Introduction : L\u2019enjeu de l\u2019engagement dans la formation en ligne Avec la digitalisation croissante des parcours de formation, l\u2019un des plus grands d\u00e9fis pour les formateurs est de capter et<\/p>\n\t\t<\/div>\n\t\t\t\t\t<div class=\"elementor-post__read-more-wrapper\">\n\t\t\n\t\t<a class=\"elementor-post__read-more\" href=\"https:\/\/academy.formatrix.fr\/en\/les-cles-dune-formation-engageante-comment-capter-lattention-de-vos-apprenants-en-ligne\/\" aria-label=\"Read more about Les cl\u00e9s d\u2019une formation engageante : Comment capter l\u2019attention de vos apprenants en ligne\" tabindex=\"-1\" >\n\t\t\tLire la suite \u00bb\t\t<\/a>\n\n\t\t\t\t\t<\/div>\n\t\t\t\t<\/div>\n\t\t\t\t<div class=\"elementor-post__meta-data\">\n\t\t\t\t\t<span class=\"elementor-post-date\">\n\t\t\tFebruary 20, 2025\t\t<\/span>\n\t\t\t\t<\/div>\n\t\t\t\t\t<\/div>\n\t\t<\/article>\n\t\t\t\t<\/div>\n\t\t\n\t\t\t\t\t\t<\/div>\n\t\t\t\t<\/div>\n\t\t\t\t<div class=\"elementor-element elementor-element-74c645f5 elementor-align-center elementor-widget elementor-widget-button\" data-id=\"74c645f5\" data-element_type=\"widget\" data-e-type=\"widget\" data-widget_type=\"button.default\">\n\t\t\t\t<div class=\"elementor-widget-container\">\n\t\t\t\t\t\t\t\t\t<div class=\"elementor-button-wrapper\">\n\t\t\t\t\t<a class=\"elementor-button elementor-button-link elementor-size-sm\" href=\"https:\/\/refonte.formatrix.fr\/blog-pedagogique\/\">\n\t\t\t\t\t\t<span class=\"elementor-button-content-wrapper\">\n\t\t\t\t\t\t\t\t\t<span class=\"elementor-button-text\">Lire la suite<\/span>\n\t\t\t\t\t<\/span>\n\t\t\t\t\t<\/a>\n\t\t\t\t<\/div>\n\t\t\t\t\t\t\t\t<\/div>\n\t\t\t\t<\/div>\n\t\t\t\t\t<\/div>\n\t\t\t\t<\/div>\n\t\t\t\t<\/div>","protected":false},"excerpt":{"rendered":"<p>Qui sommes nous Formatrix est un organismes de formation sur les m\u00e9tiers et comp\u00e9tences de demain. Nous nous consacrons \u00e0 l\u2019enseignement et\u00a0 d\u00e9veloppement de comp\u00e9tences&hellip;<\/p>","protected":false},"author":1,"featured_media":0,"parent":0,"menu_order":0,"comment_status":"closed","ping_status":"closed","template":"elementor_header_footer","meta":{"footnotes":""},"class_list":["post-82","page","type-page","status-publish","hentry"],"_links":{"self":[{"href":"https:\/\/academy.formatrix.fr\/en\/wp-json\/wp\/v2\/pages\/82","targetHints":{"allow":["GET"]}}],"collection":[{"href":"https:\/\/academy.formatrix.fr\/en\/wp-json\/wp\/v2\/pages"}],"about":[{"href":"https:\/\/academy.formatrix.fr\/en\/wp-json\/wp\/v2\/types\/page"}],"author":[{"embeddable":true,"href":"https:\/\/academy.formatrix.fr\/en\/wp-json\/wp\/v2\/users\/1"}],"replies":[{"embeddable":true,"href":"https:\/\/academy.formatrix.fr\/en\/wp-json\/wp\/v2\/comments?post=82"}],"version-history":[{"count":4,"href":"https:\/\/academy.formatrix.fr\/en\/wp-json\/wp\/v2\/pages\/82\/revisions"}],"predecessor-version":[{"id":193,"href":"https:\/\/academy.formatrix.fr\/en\/wp-json\/wp\/v2\/pages\/82\/revisions\/193"}],"wp:attachment":[{"href":"https:\/\/academy.formatrix.fr\/en\/wp-json\/wp\/v2\/media?parent=82"}],"curies":[{"name":"wp","href":"https:\/\/api.w.org\/{rel}","templated":true}]}}